{"id":2281,"date":"2015-12-14T14:54:56","date_gmt":"2015-12-14T13:54:56","guid":{"rendered":"http:\/\/ifb.uni-erlangen.de\/en\/about-us\/cooperation-partners\/bayern\/"},"modified":"2025-04-29T17:33:07","modified_gmt":"2025-04-29T15:33:07","slug":"bayern","status":"publish","type":"page","link":"https:\/\/www.freie-berufe.com\/en\/bayern\/","title":{"rendered":"Bavaria"},"content":{"rendered":"<section class=\"l-section wpb_row height_medium\"><div class=\"l-section-h i-cf\"><div class=\"g-cols vc_row via_grid cols_1 laptops-cols_inherit tablets-cols_inherit mobiles-cols_1 valign_top type_default stacking_default\"><div class=\"wpb_column vc_column_container\"><div class=\"vc_column-inner\"><div class=\"wpb_text_column\"><div class=\"wpb_wrapper\"><h1 class=\"title_h1\">Bavaria<\/h1>\n<\/div><\/div><div class=\"wpb_text_column justify\"><div class=\"wpb_wrapper\"><\/div><\/div><div class=\"g-cols wpb_row via_grid cols_2 laptops-cols_inherit tablets-cols_inherit mobiles-cols_1 valign_top type_default stacking_default\" style=\"--columns-gap:3rem;\"><div class=\"wpb_column vc_column_container\"><div class=\"vc_column-inner\"><div class=\"wpb_text_column\"><div class=\"wpb_wrapper\"><p><strong>Verband Freier Berufe in Bayern e.V.<\/strong><br \/>\nund seine Mitgliedskammern &amp; -verb\u00e4nde<br \/>\nT\u00fcrkenstr. 55<br \/>\n80799 M\u00fcnchen<\/p>\n<p><a href=\"http:\/\/www.freieberufe-bayern.de\/\" target=\"_blank\" rel=\"noopener\">www.freieberufe-bayern.de<\/a><\/p>\n<\/div><\/div><\/div><\/div><div class=\"wpb_column vc_column_container\"><div class=\"vc_column-inner\"><div class=\"w-image align_center\"><div class=\"w-image-h\"><img decoding=\"async\" width=\"136\" height=\"139\" src=\"https:\/\/www.freie-berufe.com\/wp-content\/uploads\/Verband-Freier-Berufe-in-Bayern-e.V..jpg\" class=\"attachment-medium size-medium\" alt=\"\" loading=\"lazy\" \/><\/div><\/div><\/div><\/div><\/div><div class=\"w-separator size_medium with_line width_default thick_1 style_solid color_border align_center\"><div class=\"w-separator-h\"><\/div><\/div><div class=\"g-cols wpb_row via_grid cols_2 laptops-cols_inherit tablets-cols_inherit mobiles-cols_1 valign_top type_default stacking_default\" style=\"--columns-gap:3rem;\"><div class=\"wpb_column vc_column_container\"><div class=\"vc_column-inner\"><div class=\"wpb_text_column\"><div class=\"wpb_wrapper\"><p><strong>Bayerische Industrie- und Handelskammertag und seine Mitgliedskammern<\/strong><\/p>\n<ul>\n<li><a href=\"http:\/\/www.aschaffenburg.ihk.de\/existenzgruendung\" target=\"_blank\" rel=\"noopener noreferrer\">Aschaffenburg<\/a><\/li>\n<li><a href=\"https:\/\/www.coburg.ihk.de\/17-0-Existenzgruendung-und-Unternehmensfoerderung.html\" target=\"_blank\" rel=\"noopener noreferrer\">Coburg<\/a><\/li>\n<li><a href=\"https:\/\/www.ihk-muenchen.de\/unternehmensgr%C3%BCndung\/\" target=\"_blank\" rel=\"noopener noreferrer\">M\u00fcnchen und Oberbayern<\/a><\/li>\n<li><a href=\"https:\/\/www.ihk-niederbayern.de\/Beratung-Service\" target=\"_blank\" rel=\"noopener noreferrer\">Niederbayern in Passau<\/a><\/li>\n<li><a href=\"http:\/\/www.ihk-nuernberg.de\/de\/Geschaeftsbereiche\/Standortpolitik-und-Unternehmensfoerderung\/\" target=\"_blank\" rel=\"noopener noreferrer\">N\u00fcrnberg f\u00fcr Mittelfranken<\/a><\/li>\n<li><a href=\"https:\/\/www.bayreuth.ihk.de\/Unternehmensfoerderung-neu.htm\" target=\"_blank\" rel=\"noopener noreferrer\">Bayreuth f\u00fcr Oberfranken<\/a><\/li>\n<li><a href=\"https:\/\/www.ihk-regensburg.de\/service?param=Gruendung\" target=\"_blank\" rel=\"noopener noreferrer\">Regensburg<\/a><\/li>\n<li><a href=\"https:\/\/www.schwaben.ihk.de\/Zielgruppeneinstiege\/Gruender\" target=\"_blank\" rel=\"noopener noreferrer\">Schwaben<\/a><\/li>\n<li><a href=\"https:\/\/www.wuerzburg.ihk.de\/existenzgruendung-und-unternehmensfoerderung.html\" target=\"_blank\" rel=\"noopener noreferrer\">W\u00fcrzburg-Schweinfurt<\/a><\/li>\n<\/ul>\n<\/div><\/div><\/div><\/div><div class=\"wpb_column vc_column_container\"><div class=\"vc_column-inner\"><div class=\"w-image align_center\"><div class=\"w-image-h\"><img decoding=\"async\" width=\"230\" height=\"58\" src=\"https:\/\/www.freie-berufe.com\/wp-content\/uploads\/Bayerische-Industrie-und-Handelskammertag.gif\" class=\"attachment-large size-large\" alt=\"\" loading=\"lazy\" \/><\/div><\/div><\/div><\/div><\/div><div class=\"w-separator size_medium with_line width_default thick_1 style_solid color_border align_center\"><div class=\"w-separator-h\"><\/div><\/div><div class=\"g-cols wpb_row via_grid cols_2 laptops-cols_inherit tablets-cols_inherit mobiles-cols_1 valign_top type_default stacking_default\" style=\"--columns-gap:3rem;\"><div class=\"wpb_column vc_column_container\"><div class=\"vc_column-inner\"><div class=\"wpb_text_column\"><div class=\"wpb_wrapper\"><p><strong>BBE Handelsberatung GmbH<\/strong><\/p>\n<p>Brienner Str. 45<br \/>\n80333 M\u00fcnchen<\/p>\n<p><a href=\"http:\/\/www.bbe.de\/de\" target=\"_blank\" rel=\"noopener\">www.bbe.de<\/a><\/p>\n<\/div><\/div><\/div><\/div><div class=\"wpb_column vc_column_container\"><div class=\"vc_column-inner\"><div class=\"w-image align_center\"><div class=\"w-image-h\"><img decoding=\"async\" width=\"89\" height=\"89\" src=\"https:\/\/www.freie-berufe.com\/wp-content\/uploads\/bbe-logo.png\" class=\"attachment-large size-large\" alt=\"\" loading=\"lazy\" \/><\/div><\/div><\/div><\/div><\/div><div class=\"w-separator size_medium with_line width_default thick_1 style_solid color_border align_center\"><div class=\"w-separator-h\"><\/div><\/div><div class=\"g-cols wpb_row via_grid cols_2 laptops-cols_inherit tablets-cols_inherit mobiles-cols_1 valign_top type_default stacking_default\" style=\"--columns-gap:3rem;\"><div class=\"wpb_column vc_column_container\"><div class=\"vc_column-inner\"><div class=\"wpb_text_column\"><div class=\"wpb_wrapper\"><p><strong>BER AG<\/strong><\/p>\n<p>Unternehmensberatung &amp; Management<br \/>\nAktiengesellschaft<br \/>\nPostfach 1129<br \/>\n83501 Wasserburg am Inn<\/p>\n<p><a href=\"http:\/\/ber-ag.de\/\" target=\"_blank\" rel=\"noopener\">www.ber-ag.de<\/a><\/p>\n<\/div><\/div><\/div><\/div><div class=\"wpb_column vc_column_container\"><div class=\"vc_column-inner\"><div class=\"w-image align_center\"><div class=\"w-image-h\"><img decoding=\"async\" width=\"193\" height=\"156\" src=\"https:\/\/www.freie-berufe.com\/wp-content\/uploads\/BER-AG.jpg\" class=\"attachment-medium size-medium\" alt=\"\" loading=\"lazy\" \/><\/div><\/div><\/div><\/div><\/div><div class=\"w-separator size_medium with_line width_default thick_1 style_solid color_border align_center\"><div class=\"w-separator-h\"><\/div><\/div><div class=\"g-cols wpb_row via_grid cols_2 laptops-cols_inherit tablets-cols_inherit mobiles-cols_1 valign_top type_default stacking_default\" style=\"--columns-gap:3rem;\"><div class=\"wpb_column vc_column_container\"><div class=\"vc_column-inner\"><div class=\"wpb_text_column\"><div class=\"wpb_wrapper\"><p><strong>Dachmarke \u201eStart Up\u201c<\/strong><\/p>\n<p>Bayerisches Staatsministerium f\u00fcr Wirtschaft, Landesentwicklung und Energie<br \/>\nReferat IV\/1<br \/>\nPrinzregentenstr. 28<br \/>\n80538 M\u00fcnchen<\/p>\n<p><a href=\"http:\/\/www.gruenderland.bayern\/\" target=\"_blank\" rel=\"noopener\">www.startup-in-bayern.de<\/a><\/p>\n<\/div><\/div><\/div><\/div><div class=\"wpb_column vc_column_container\"><div class=\"vc_column-inner\"><div class=\"w-image align_center\"><div class=\"w-image-h\"><img decoding=\"async\" width=\"300\" height=\"158\" src=\"https:\/\/www.freie-berufe.com\/wp-content\/uploads\/gruenderland-bayern-300x158.png\" class=\"attachment-medium size-medium\" alt=\"\" loading=\"lazy\" srcset=\"https:\/\/www.freie-berufe.com\/wp-content\/uploads\/gruenderland-bayern-300x158.png 300w, https:\/\/www.freie-berufe.com\/wp-content\/uploads\/gruenderland-bayern-768x403.png 768w, https:\/\/www.freie-berufe.com\/wp-content\/uploads\/gruenderland-bayern-1024x538.png 1024w, https:\/\/www.freie-berufe.com\/wp-content\/uploads\/gruenderland-bayern-600x315.png 600w, https:\/\/www.freie-berufe.com\/wp-content\/uploads\/gruenderland-bayern-e1455794765728.png 50w\" sizes=\"auto, (max-width: 300px) 100vw, 300px\" \/><\/div><\/div><\/div><\/div><\/div><div class=\"w-separator size_medium with_line width_default thick_1 style_solid color_border align_center\"><div class=\"w-separator-h\"><\/div><\/div><div class=\"g-cols wpb_row via_grid cols_2 laptops-cols_inherit tablets-cols_inherit mobiles-cols_1 valign_top type_default stacking_default\" style=\"--columns-gap:3rem;\"><div class=\"wpb_column vc_column_container\"><div class=\"vc_column-inner\"><div class=\"wpb_text_column\"><div class=\"wpb_wrapper\"><p><strong>DATEV<\/strong><\/p>\n<p>F\u00fcrther Str. 24-32<br \/>\n90329 N\u00fcrnberg<\/p>\n<p><a href=\"https:\/\/www.datev.de\/web\/de\/startseite\/startseite-n\/\" target=\"_blank\" rel=\"noopener\">www.datev.de<\/a><\/p>\n<\/div><\/div><\/div><\/div><div class=\"wpb_column vc_column_container\"><div class=\"vc_column-inner\"><div class=\"w-image align_center\"><div class=\"w-image-h\"><img decoding=\"async\" width=\"152\" height=\"60\" src=\"https:\/\/www.freie-berufe.com\/wp-content\/uploads\/datev.png\" class=\"attachment-large size-large\" alt=\"\" loading=\"lazy\" srcset=\"https:\/\/www.freie-berufe.com\/wp-content\/uploads\/datev.png 152w, https:\/\/www.freie-berufe.com\/wp-content\/uploads\/datev-150x60.png 150w\" sizes=\"auto, (max-width: 152px) 100vw, 152px\" \/><\/div><\/div><\/div><\/div><\/div><div class=\"w-separator size_medium with_line width_default thick_1 style_solid color_border align_center\"><div class=\"w-separator-h\"><\/div><\/div><div class=\"g-cols wpb_row via_grid cols_2 laptops-cols_inherit tablets-cols_inherit mobiles-cols_1 valign_top type_default stacking_default\" style=\"--columns-gap:3rem;\"><div class=\"wpb_column vc_column_container\"><div class=\"vc_column-inner\"><div class=\"wpb_text_column\"><div class=\"wpb_wrapper\"><p><strong>Gr\u00fcnder Initiative F\u00fcrth (GrIF)<\/strong><\/p>\n<p>Kontakt \u00fcber:<br \/>\nIHK-Gremium F\u00fcrth<br \/>\nChristian Nowak<br \/>\nAlexanderstr. 15<br \/>\n90762 F\u00fcrth<\/p>\n<p><a href=\"http:\/\/www.grif.de\/\" target=\"_blank\" rel=\"noopener\">www.grif.de<\/a><\/p>\n<\/div><\/div><\/div><\/div><div class=\"wpb_column vc_column_container\"><div class=\"vc_column-inner\"><div class=\"w-image align_center\"><div class=\"w-image-h\"><img decoding=\"async\" width=\"300\" height=\"141\" src=\"https:\/\/www.freie-berufe.com\/wp-content\/uploads\/gruender_initiative_fuerth-1-300x141.gif\" class=\"attachment-medium size-medium\" alt=\"\" loading=\"lazy\" \/><\/div><\/div><\/div><\/div><\/div><div class=\"w-separator size_medium with_line width_default thick_1 style_solid color_border align_center\"><div class=\"w-separator-h\"><\/div><\/div><div class=\"g-cols wpb_row via_grid cols_2 laptops-cols_inherit tablets-cols_inherit mobiles-cols_1 valign_top type_default stacking_default\" style=\"--columns-gap:3rem;\"><div class=\"wpb_column vc_column_container\"><div class=\"vc_column-inner\"><div class=\"wpb_text_column\"><div class=\"wpb_wrapper\"><p><strong>Gr\u00fcnderRegio M e.V.<\/strong><\/p>\n<p>Gewerbehof \u2013 Haus F<br \/>\nWestendstra\u00dfe 123<br \/>\n80339 M\u00fcnchen<br \/>\nProjektleitung: Dr. Bettina Wenzel<\/p>\n<p><a href=\"http:\/\/www.gr-m.de\/\" target=\"_blank\" rel=\"noopener noreferrer\">www.gr-m.de<\/a><\/p>\n<p><a href=\"http:\/\/www.guide-muenchen.de\/\" target=\"_blank\" rel=\"noopener\">www.guide-muenchen.de<\/a><\/p>\n<\/div><\/div><\/div><\/div><div class=\"wpb_column vc_column_container\"><div class=\"vc_column-inner\"><div class=\"w-image align_center\"><div class=\"w-image-h\"><img decoding=\"async\" width=\"1024\" height=\"501\" src=\"https:\/\/www.freie-berufe.com\/wp-content\/uploads\/guide_ufe-002-1024x501.jpg\" class=\"attachment-large size-large\" alt=\"\" loading=\"lazy\" srcset=\"https:\/\/www.freie-berufe.com\/wp-content\/uploads\/guide_ufe-002-1024x501.jpg 1024w, https:\/\/www.freie-berufe.com\/wp-content\/uploads\/guide_ufe-002-600x294.jpg 600w, https:\/\/www.freie-berufe.com\/wp-content\/uploads\/guide_ufe-002-300x147.jpg 300w\" sizes=\"auto, (max-width: 1024px) 100vw, 1024px\" \/><\/div><\/div><\/div><\/div><\/div><div class=\"w-separator size_medium with_line width_default thick_1 style_solid color_border align_center\"><div class=\"w-separator-h\"><\/div><\/div><div class=\"g-cols wpb_row via_grid cols_2 laptops-cols_inherit tablets-cols_inherit mobiles-cols_1 valign_top type_default stacking_default\" style=\"--columns-gap:3rem;\"><div class=\"wpb_column vc_column_container\"><div class=\"vc_column-inner\"><div class=\"wpb_text_column\"><div class=\"wpb_wrapper\"><p><strong>Hans-Lindner-Stiftung<\/strong><\/p>\n<p>Bahnhofstra\u00dfe 29<br \/>\n94424 Arnstorf<br \/>\nTel.: +49 (0)8723\/20 28-99<br \/>\nFax: +49 (0)8723\/20 28-51<\/p>\n<p><a href=\"http:\/\/www.hans-lindner-stiftung.de\/\" target=\"_blank\" rel=\"noopener\">www.hans-lindner-stiftung.de<\/a><\/p>\n<\/div><\/div><\/div><\/div><div class=\"wpb_column vc_column_container\"><div class=\"vc_column-inner\"><div class=\"w-image align_center\"><div class=\"w-image-h\"><img decoding=\"async\" width=\"290\" height=\"79\" src=\"https:\/\/www.freie-berufe.com\/wp-content\/uploads\/hls-logo.gif\" class=\"attachment-large size-large\" alt=\"\" loading=\"lazy\" \/><\/div><\/div><\/div><\/div><\/div><div class=\"w-separator size_medium with_line width_default thick_1 style_solid color_border align_center\"><div class=\"w-separator-h\"><\/div><\/div><div class=\"g-cols wpb_row via_grid cols_2 laptops-cols_inherit tablets-cols_inherit mobiles-cols_1 valign_top type_default stacking_default\" style=\"--columns-gap:3rem;\"><div class=\"wpb_column vc_column_container\"><div class=\"vc_column-inner\"><div class=\"wpb_text_column\"><div class=\"wpb_wrapper\"><p><strong>HOGA<\/strong><\/p>\n<p>Hotel- &amp; Gastst\u00e4tten-Beratungsgesellschaft mbH<br \/>\nPrinzregentenstr. 89<br \/>\n81675 M\u00fcnchen<\/p>\n<p><a href=\"http:\/\/www.hoga-muenchen.de\/\" target=\"_blank\" rel=\"noopener\">www.hoga-muenchen.de<\/a><\/p>\n<\/div><\/div><\/div><\/div><div class=\"wpb_column vc_column_container\"><div class=\"vc_column-inner\"><div class=\"w-image align_center\"><div class=\"w-image-h\"><img decoding=\"async\" width=\"301\" height=\"70\" src=\"https:\/\/www.freie-berufe.com\/wp-content\/uploads\/hoga_logo.jpg\" class=\"attachment-large size-large\" alt=\"\" loading=\"lazy\" srcset=\"https:\/\/www.freie-berufe.com\/wp-content\/uploads\/hoga_logo.jpg 301w, https:\/\/www.freie-berufe.com\/wp-content\/uploads\/hoga_logo-300x70.jpg 300w\" sizes=\"auto, (max-width: 301px) 100vw, 301px\" \/><\/div><\/div><\/div><\/div><\/div><div class=\"w-separator size_medium with_line width_default thick_1 style_solid color_border align_center\"><div class=\"w-separator-h\"><\/div><\/div><div class=\"g-cols wpb_row via_grid cols_2 laptops-cols_inherit tablets-cols_inherit mobiles-cols_1 valign_top type_default stacking_default\" style=\"--columns-gap:3rem;\"><div class=\"wpb_column vc_column_container\"><div class=\"vc_column-inner\"><div class=\"wpb_text_column\"><div class=\"wpb_wrapper\"><p><strong>MEB|M\u00fcnchner Existenzgr\u00fcndungs-B\u00fcro<\/strong><\/p>\n<p>c\/o IHK f\u00fcr M\u00fcnchen und Oberbayern<br \/>\nMax-Joseph-Stra\u00dfe 2<br \/>\n80333 M\u00fcnchen<\/p>\n<p><a href=\"http:\/\/www.gruenden-in-muenchen.de\/\" target=\"_blank\" rel=\"noopener noreferrer\">www.gruenden-in-muenchen.de<\/a><\/p>\n<\/div><\/div><\/div><\/div><div class=\"wpb_column vc_column_container\"><div class=\"vc_column-inner\"><div class=\"w-image align_center\"><div class=\"w-image-h\"><img decoding=\"async\" width=\"300\" height=\"48\" src=\"https:\/\/www.freie-berufe.com\/wp-content\/uploads\/img_logo_meb-300x48.jpg\" class=\"attachment-medium size-medium\" alt=\"\" loading=\"lazy\" srcset=\"https:\/\/www.freie-berufe.com\/wp-content\/uploads\/img_logo_meb-300x48.jpg 300w, https:\/\/www.freie-berufe.com\/wp-content\/uploads\/img_logo_meb-1024x163.jpg 1024w, https:\/\/www.freie-berufe.com\/wp-content\/uploads\/img_logo_meb-600x96.jpg 600w, https:\/\/www.freie-berufe.com\/wp-content\/uploads\/img_logo_meb-e1455794692257.jpg 200w\" sizes=\"auto, (max-width: 300px) 100vw, 300px\" \/><\/div><\/div><\/div><\/div><\/div><div class=\"w-separator size_medium with_line width_default thick_1 style_solid color_border align_center\"><div class=\"w-separator-h\"><\/div><\/div><div class=\"g-cols wpb_row via_grid cols_2 laptops-cols_inherit tablets-cols_inherit mobiles-cols_1 valign_top type_default stacking_default\" style=\"--columns-gap:3rem;\"><div class=\"wpb_column vc_column_container\"><div class=\"vc_column-inner\"><div class=\"wpb_text_column\"><div class=\"wpb_wrapper\"><p><strong>metropolregion n\u00fcrnberg<\/strong><\/p>\n<p>Marketingverein der Metropolregion N\u00fcrnberg e.V.<br \/>\nOstendstra\u00dfe 100<br \/>\n90482 N\u00fcrnberg<\/p>\n<p><a href=\"http:\/\/www.metropolregionnuernberg.de\/\" target=\"_blank\" rel=\"noopener\">www.marketingverein-metropolregion.de<\/a><\/p>\n<\/div><\/div><\/div><\/div><div class=\"wpb_column vc_column_container\"><div class=\"vc_column-inner\"><div class=\"w-image align_center\"><div class=\"w-image-h\"><img decoding=\"async\" width=\"152\" height=\"32\" src=\"https:\/\/www.freie-berufe.com\/wp-content\/uploads\/metropolregion.gif\" class=\"attachment-large size-large\" alt=\"\" loading=\"lazy\" \/><\/div><\/div><\/div><\/div><\/div><div class=\"w-separator size_medium with_line width_default thick_1 style_solid color_border align_center\"><div class=\"w-separator-h\"><\/div><\/div><div class=\"g-cols wpb_row via_grid cols_2 laptops-cols_inherit tablets-cols_inherit mobiles-cols_1 valign_top type_default stacking_default\" style=\"--columns-gap:3rem;\"><div class=\"wpb_column vc_column_container\"><div class=\"vc_column-inner\"><div class=\"wpb_text_column\"><div class=\"wpb_wrapper\"><p><strong>BayStartUP<\/strong><\/p>\n<p>Neumeyerstra\u00dfe 48<br \/>\n90411 N\u00fcrnberg<\/p>\n<p><a href=\"http:\/\/www.baystartup.de\/\" target=\"_blank\" rel=\"noopener\">www.baystartup.de<\/a><\/p>\n<\/div><\/div><\/div><\/div><div class=\"wpb_column vc_column_container\"><div class=\"vc_column-inner\"><div class=\"w-image align_center\"><div class=\"w-image-h\"><img decoding=\"async\" width=\"220\" height=\"110\" src=\"https:\/\/www.freie-berufe.com\/wp-content\/uploads\/baystartup.png\" class=\"attachment-large size-large\" alt=\"\" loading=\"lazy\" \/><\/div><\/div><\/div><\/div><\/div><div class=\"w-separator size_medium with_line width_default thick_1 style_solid color_border align_center\"><div class=\"w-separator-h\"><\/div><\/div><div class=\"g-cols wpb_row via_grid cols_2 laptops-cols_inherit tablets-cols_inherit mobiles-cols_1 valign_top type_default stacking_default\" style=\"--columns-gap:3rem;\"><div class=\"wpb_column vc_column_container\"><div class=\"vc_column-inner\"><div class=\"wpb_text_column\"><div class=\"wpb_wrapper\"><p class=\"evo_location_name\"><strong>Bayerische Ingenieurkammer-Bau<\/strong><\/p>\n<p>Schlo\u00dfschmidstr. 3<br \/>\n80639 M\u00fcnchen<\/p>\n<p><a href=\"https:\/\/www.bayika.de\/\" target=\"_blank\" rel=\"noopener noreferrer\">www.bayika.de<\/a><\/p>\n<\/div><\/div><\/div><\/div><div class=\"wpb_column vc_column_container\"><div class=\"vc_column-inner\"><div class=\"w-image align_center\"><div class=\"w-image-h\"><img decoding=\"async\" width=\"300\" height=\"90\" src=\"https:\/\/www.freie-berufe.com\/wp-content\/uploads\/Bayerische-Ingenieurkammer-Bau-300x90.jpg\" class=\"attachment-medium size-medium\" alt=\"\" loading=\"lazy\" srcset=\"https:\/\/www.freie-berufe.com\/wp-content\/uploads\/Bayerische-Ingenieurkammer-Bau-300x90.jpg 300w, https:\/\/www.freie-berufe.com\/wp-content\/uploads\/Bayerische-Ingenieurkammer-Bau.jpg 472w\" sizes=\"auto, (max-width: 300px) 100vw, 300px\" \/><\/div><\/div><\/div><\/div><\/div><div class=\"w-separator size_medium with_line width_default thick_1 style_solid color_border align_center\"><div class=\"w-separator-h\"><\/div><\/div><div class=\"g-cols wpb_row via_grid cols_2 laptops-cols_inherit tablets-cols_inherit mobiles-cols_1 valign_top type_default stacking_default\" style=\"--columns-gap:3rem;\"><div class=\"wpb_column vc_column_container\"><div class=\"vc_column-inner\"><div class=\"wpb_text_column\"><div class=\"wpb_wrapper\"><p class=\"evo_location_name\"><strong>bfz Augsburg<\/strong><\/p>\n<p>Ulmer Str. 160<br \/>\n86156 Augsburg<\/p>\n<p><a href=\"https:\/\/www.bfz.de\/standorte\/augsburg\/\" target=\"_blank\" rel=\"noopener\">www.bfz.de<\/a><\/p>\n<\/div><\/div><\/div><\/div><div class=\"wpb_column vc_column_container\"><div class=\"vc_column-inner\"><div class=\"w-image align_center\"><div class=\"w-image-h\"><img decoding=\"async\" width=\"300\" height=\"254\" src=\"https:\/\/www.freie-berufe.com\/wp-content\/uploads\/bfz_RGB_Augsburg-300x254.jpg\" class=\"attachment-medium size-medium\" alt=\"\" loading=\"lazy\" srcset=\"https:\/\/www.freie-berufe.com\/wp-content\/uploads\/bfz_RGB_Augsburg-300x254.jpg 300w, https:\/\/www.freie-berufe.com\/wp-content\/uploads\/bfz_RGB_Augsburg.jpg 356w\" sizes=\"auto, (max-width: 300px) 100vw, 300px\" \/><\/div><\/div><\/div><\/div><\/div><div class=\"w-separator size_medium with_line width_default thick_1 style_solid color_border align_center\"><div class=\"w-separator-h\"><\/div><\/div><div class=\"g-cols wpb_row via_grid cols_2 laptops-cols_inherit tablets-cols_inherit mobiles-cols_1 valign_top type_default stacking_default\" style=\"--columns-gap:3rem;\"><div class=\"wpb_column vc_column_container\"><div class=\"vc_column-inner\"><div class=\"wpb_text_column\"><div class=\"wpb_wrapper\"><p><strong>IGZ Bamberg<\/strong><\/p>\n<p>Kronacher Str. 41<br \/>\n96052 Bamberg<\/p>\n<p><a href=\"https:\/\/igzbamberg.de\/\">www.igzbamberg.de<\/a><\/p>\n<\/div><\/div><\/div><\/div><div class=\"wpb_column vc_column_container\"><div class=\"vc_column-inner\"><div class=\"w-image align_center\"><div class=\"w-image-h\"><img decoding=\"async\" width=\"300\" height=\"300\" src=\"https:\/\/www.freie-berufe.com\/wp-content\/uploads\/logo_igz_mit_claim_012009-300x300.jpg\" class=\"attachment-medium size-medium\" alt=\"\" loading=\"lazy\" srcset=\"https:\/\/www.freie-berufe.com\/wp-content\/uploads\/logo_igz_mit_claim_012009-300x300.jpg 300w, https:\/\/www.freie-berufe.com\/wp-content\/uploads\/logo_igz_mit_claim_012009-150x150.jpg 150w, https:\/\/www.freie-berufe.com\/wp-content\/uploads\/logo_igz_mit_claim_012009-600x600.jpg 600w, https:\/\/www.freie-berufe.com\/wp-content\/uploads\/logo_igz_mit_claim_012009-1024x1024.jpg 1024w, https:\/\/www.freie-berufe.com\/wp-content\/uploads\/logo_igz_mit_claim_012009-350x350.jpg 350w, https:\/\/www.freie-berufe.com\/wp-content\/uploads\/logo_igz_mit_claim_012009-100x100.jpg 100w\" sizes=\"auto, (max-width: 300px) 100vw, 300px\" \/><\/div><\/div><\/div><\/div><\/div><div class=\"w-separator size_medium with_line width_default thick_1 style_solid color_border align_center\"><div class=\"w-separator-h\"><\/div><\/div><div class=\"g-cols wpb_row via_grid cols_2 laptops-cols_inherit tablets-cols_inherit mobiles-cols_1 valign_top type_default stacking_default\" style=\"--columns-gap:3rem;\"><div class=\"wpb_column vc_column_container\"><div class=\"vc_column-inner\"><div class=\"wpb_text_column\"><div class=\"wpb_wrapper\"><p><strong>Wirtschaftsf\u00f6rderung Bamberg<\/strong><\/p>\n<p>Stadt Bamberg<br \/>\nMaximiliansplatz 3<br \/>\n96047 Bamberg<\/p>\n<p><a href=\"https:\/\/www.stadt.bamberg.de\/index.php?NavID=2730.5\">www.stadt.bamberg.de<\/a><\/p>\n<\/div><\/div><\/div><\/div><div class=\"wpb_column vc_column_container\"><div class=\"vc_column-inner\"><div class=\"w-image align_center\"><div class=\"w-image-h\"><img decoding=\"async\" width=\"300\" height=\"218\" src=\"https:\/\/www.freie-berufe.com\/wp-content\/uploads\/LOGO_farbig_wirtschaftsf\u00f6rderung-Stadt-Bambergppt-300x218.png\" class=\"attachment-medium size-medium\" alt=\"\" loading=\"lazy\" srcset=\"https:\/\/www.freie-berufe.com\/wp-content\/uploads\/LOGO_farbig_wirtschaftsf\u00f6rderung-Stadt-Bambergppt-300x218.png 300w, https:\/\/www.freie-berufe.com\/wp-content\/uploads\/LOGO_farbig_wirtschaftsf\u00f6rderung-Stadt-Bambergppt-600x436.png 600w, https:\/\/www.freie-berufe.com\/wp-content\/uploads\/LOGO_farbig_wirtschaftsf\u00f6rderung-Stadt-Bambergppt.png 652w\" sizes=\"auto, (max-width: 300px) 100vw, 300px\" \/><\/div><\/div><\/div><\/div><\/div><div class=\"w-separator size_medium with_line width_default thick_1 style_solid color_border align_center\"><div class=\"w-separator-h\"><\/div><\/div><div class=\"g-cols wpb_row via_grid cols_2 laptops-cols_inherit tablets-cols_inherit mobiles-cols_1 valign_top type_default stacking_default\" style=\"--columns-gap:3rem;\"><div class=\"wpb_column vc_column_container\"><div class=\"vc_column-inner\"><div class=\"wpb_text_column\"><div class=\"wpb_wrapper\"><p><strong>Sparkassenverband Bayern<\/strong><\/p>\n<p>Karolinenplatz 5<br \/>\n80333 M\u00fcnchen<\/p>\n<p><a href=\"http:\/\/www.sparkassenverband-bayern.de\/sparkassenverband-bayern.de\/index.php\" target=\"_blank\" rel=\"noopener\">www.sparkassenverband-bayern.de<\/a><\/p>\n<\/div><\/div><\/div><\/div><div class=\"wpb_column vc_column_container\"><div class=\"vc_column-inner\"><div class=\"w-image align_center\"><div class=\"w-image-h\"><img decoding=\"async\" width=\"300\" height=\"77\" src=\"https:\/\/www.freie-berufe.com\/wp-content\/uploads\/logo_right-300x77.png\" class=\"attachment-medium size-medium\" alt=\"\" loading=\"lazy\" srcset=\"https:\/\/www.freie-berufe.com\/wp-content\/uploads\/logo_right-300x77.png 300w, https:\/\/www.freie-berufe.com\/wp-content\/uploads\/logo_right.png 349w\" sizes=\"auto, (max-width: 300px) 100vw, 300px\" \/><\/div><\/div><\/div><\/div><\/div><div class=\"w-separator size_medium with_line width_default thick_1 style_solid color_border align_center\"><div class=\"w-separator-h\"><\/div><\/div><\/div><\/div><\/div><\/div><\/section><section class=\"l-section wpb_row height_medium\"><div class=\"l-section-h i-cf\"><div class=\"g-cols vc_row via_grid cols_1 laptops-cols_inherit tablets-cols_inherit mobiles-cols_1 valign_top type_default stacking_default\"><div class=\"wpb_column vc_column_container\"><div class=\"vc_column-inner\"><\/div><\/div><\/div><\/div><\/section>\n","protected":false},"excerpt":{"rendered":"Bavaria Verband Freier Berufe in Bayern e.V. und seine Mitgliedskammern &amp; -verb\u00e4nde T\u00fcrkenstr. 55 80799 M\u00fcnchen www.freieberufe-bayern.de Bayerische Industrie- und Handelskammertag und seine Mitgliedskammern Aschaffenburg Coburg M\u00fcnchen und Oberbayern Niederbayern in Passau N\u00fcrnberg f\u00fcr Mittelfranken Bayreuth f\u00fcr Oberfranken Regensburg Schwaben W\u00fcrzburg-Schweinfurt BBE Handelsberatung GmbH Brienner Str. 45 80333 M\u00fcnchen www.bbe.de BER AG Unternehmensberatung &amp; Management...","protected":false},"author":4,"featured_media":0,"parent":0,"menu_order":0,"comment_status":"closed","ping_status":"closed","template":"","meta":{"footnotes":""},"class_list":["post-2281","page","type-page","status-publish","hentry"],"_links":{"self":[{"href":"https:\/\/www.freie-berufe.com\/en\/wp-json\/wp\/v2\/pages\/2281","targetHints":{"allow":["GET"]}}],"collection":[{"href":"https:\/\/www.freie-berufe.com\/en\/wp-json\/wp\/v2\/pages"}],"about":[{"href":"https:\/\/www.freie-berufe.com\/en\/wp-json\/wp\/v2\/types\/page"}],"author":[{"embeddable":true,"href":"https:\/\/www.freie-berufe.com\/en\/wp-json\/wp\/v2\/users\/4"}],"replies":[{"embeddable":true,"href":"https:\/\/www.freie-berufe.com\/en\/wp-json\/wp\/v2\/comments?post=2281"}],"version-history":[{"count":0,"href":"https:\/\/www.freie-berufe.com\/en\/wp-json\/wp\/v2\/pages\/2281\/revisions"}],"wp:attachment":[{"href":"https:\/\/www.freie-berufe.com\/en\/wp-json\/wp\/v2\/media?parent=2281"}],"curies":[{"name":"wp","href":"https:\/\/api.w.org\/{rel}","templated":true}]}}